{"id":2344,"date":"2025-01-18T17:04:09","date_gmt":"2025-01-18T16:04:09","guid":{"rendered":"https:\/\/hotelceleste.com\/plage\/"},"modified":"2025-11-20T17:44:49","modified_gmt":"2025-11-20T16:44:49","slug":"plage","status":"publish","type":"page","link":"https:\/\/www.hotelceleste.com\/fr\/plage\/","title":{"rendered":"Plage"},"content":{"rendered":"\t\t<div data-elementor-type=\"wp-page\" data-elementor-id=\"2344\" class=\"elementor elementor-2344 elementor-955\" data-elementor-post-type=\"page\">\n\t\t\t\t<div class=\"elementor-element elementor-element-678ce2c9 e-con-full e-flex e-con e-parent\" data-id=\"678ce2c9\" data-element_type=\"container\" data-e-type=\"container\" data-settings=\"{&quot;background_background&quot;:&quot;video&quot;,&quot;background_video_link&quot;:&quot;\\\/wp-content\\\/uploads\\\/2025\\\/11\\\/Video-spiaggia.mp4&quot;,&quot;jet_parallax_layout_list&quot;:[]}\">\n\t\t<div class=\"elementor-background-video-container elementor-hidden-mobile\">\n\t\t\t\t\t\t\t<video class=\"elementor-background-video-hosted\" role=\"presentation\" autoplay muted playsinline loop><\/video>\n\t\t\t\t\t<\/div>\t\t<div class=\"elementor-element elementor-element-79c7536 elementor-widget elementor-widget-heading\" data-id=\"79c7536\" data-element_type=\"widget\" data-e-type=\"widget\" data-widget_type=\"heading.default\">\n\t\t\t\t<div class=\"elementor-widget-container\">\n\t\t\t\t\t<h2 class=\"elementor-heading-title elementor-size-default\">La plage<\/h2>\t\t\t\t<\/div>\n\t\t\t\t<\/div>\n\t\t\t\t<div class=\"elementor-element elementor-element-a168da9 elementor-widget elementor-widget-text-editor\" data-id=\"a168da9\" data-element_type=\"widget\" data-e-type=\"widget\" data-widget_type=\"text-editor.default\">\n\t\t\t\t<div class=\"elementor-widget-container\">\n\t\t\t\t\t\t\t\t\t<p>\u00c9tablissement de bains Celeste al Mare<\/p>\t\t\t\t\t\t\t\t<\/div>\n\t\t\t\t<\/div>\n\t\t\t\t<\/div>\n\t\t<div class=\"elementor-element elementor-element-1c6512d6 e-con-full sfondo-rombo e-flex e-con e-parent\" data-id=\"1c6512d6\" data-element_type=\"container\" data-e-type=\"container\" data-settings=\"{&quot;background_background&quot;:&quot;classic&quot;,&quot;jet_parallax_layout_list&quot;:[]}\">\n\t\t<div class=\"elementor-element elementor-element-50253200 e-grid e-con-full e-con e-child\" data-id=\"50253200\" data-element_type=\"container\" data-e-type=\"container\" data-settings=\"{&quot;jet_parallax_layout_list&quot;:[]}\">\n\t\t\t\t<div class=\"elementor-element elementor-element-780762b1 elementor-widget elementor-widget-image\" data-id=\"780762b1\" data-element_type=\"widget\" data-e-type=\"widget\" data-widget_type=\"image.default\">\n\t\t\t\t<div class=\"elementor-widget-container\">\n\t\t\t\t\t\t\t\t\t\t\t\t\t\t\t<img fetchpriority=\"high\" decoding=\"async\" width=\"950\" height=\"840\" src=\"https:\/\/www.hotelceleste.com\/wp-content\/uploads\/2025\/11\/spiaggia03.webp\" class=\"attachment-full size-full wp-image-17372\" alt=\"\" srcset=\"https:\/\/www.hotelceleste.com\/wp-content\/uploads\/2025\/11\/spiaggia03.webp 950w, https:\/\/www.hotelceleste.com\/wp-content\/uploads\/2025\/11\/spiaggia03-300x265.webp 300w, https:\/\/www.hotelceleste.com\/wp-content\/uploads\/2025\/11\/spiaggia03-768x679.webp 768w\" sizes=\"(max-width: 950px) 100vw, 950px\" \/>\t\t\t\t\t\t\t\t\t\t\t\t\t\t\t<\/div>\n\t\t\t\t<\/div>\n\t\t<div class=\"elementor-element elementor-element-5c10d134 e-con-full e-flex e-con e-child\" data-id=\"5c10d134\" data-element_type=\"container\" data-e-type=\"container\" data-settings=\"{&quot;jet_parallax_layout_list&quot;:[]}\">\n\t\t\t\t<div class=\"elementor-element elementor-element-48a62c11 animated-fast elementor-invisible elementor-widget elementor-widget-text-editor\" data-id=\"48a62c11\" data-element_type=\"widget\" data-e-type=\"widget\" data-settings=\"{&quot;_animation&quot;:&quot;slideInDown&quot;}\" data-widget_type=\"text-editor.default\">\n\t\t\t\t<div class=\"elementor-widget-container\">\n\t\t\t\t\t\t\t\t\t<p><span style=\"font-weight: 400;\">\u00c9tablissement de bains Celeste al Mare<\/span><\/p>\t\t\t\t\t\t\t\t<\/div>\n\t\t\t\t<\/div>\n\t\t\t\t<div class=\"elementor-element elementor-element-1434c54f elementor-widget__width-initial elementor-invisible elementor-widget elementor-widget-heading\" data-id=\"1434c54f\" data-element_type=\"widget\" data-e-type=\"widget\" data-settings=\"{&quot;_animation&quot;:&quot;slideInUp&quot;,&quot;_animation_delay&quot;:0}\" data-widget_type=\"heading.default\">\n\t\t\t\t<div class=\"elementor-widget-container\">\n\t\t\t\t\t<h1 class=\"elementor-heading-title elementor-size-default\">La plage \u00e0 votre port\u00e9e<\/h1>\t\t\t\t<\/div>\n\t\t\t\t<\/div>\n\t\t\t\t<div class=\"elementor-element elementor-element-3d2c2ab3 elementor-widget__width-initial elementor-invisible elementor-widget elementor-widget-text-editor\" data-id=\"3d2c2ab3\" data-element_type=\"widget\" data-e-type=\"widget\" data-settings=\"{&quot;_animation&quot;:&quot;slideInUp&quot;,&quot;_animation_delay&quot;:0}\" data-widget_type=\"text-editor.default\">\n\t\t\t\t<div class=\"elementor-widget-container\">\n\t\t\t\t\t\t\t\t\t<p>\u00c0 l&rsquo;h\u00f4tel Celeste, vous aurez l&rsquo;occasion de vivre de v\u00e9ritables vacances au bord de la mer. L&rsquo;\u00e9tablissement baln\u00e9aire <strong> Celeste al mare<\/strong>, notre <strong>\u00e9tablissement de<\/strong> bains <strong>priv\u00e9<\/strong>, se trouve en effet <strong>en face de notre structure<\/strong>. <br>Vous pouvez vous y d\u00e9tendre sur la plage et profiter de la beaut\u00e9 de la <strong>Baia delle Favole de Sestri Levante<\/strong>.<\/p><p>L&rsquo;\u00e9tablissement baln\u00e9aire est <strong>enti\u00e8rement \u00e9quip\u00e9<\/strong>, avec des parasols, des chaises longues, des transats et des chaises, et offre tous les services dont vous avez besoin pour profiter confortablement de vos vacances en toute d\u00e9tente.<\/p>\t\t\t\t\t\t\t\t<\/div>\n\t\t\t\t<\/div>\n\t\t\t\t<\/div>\n\t\t\t\t<\/div>\n\t\t\t\t<\/div>\n\t\t<div class=\"elementor-element elementor-element-c7d1c16 e-con-full e-flex e-con e-parent\" data-id=\"c7d1c16\" data-element_type=\"container\" data-e-type=\"container\" data-settings=\"{&quot;background_background&quot;:&quot;classic&quot;,&quot;jet_parallax_layout_list&quot;:[]}\">\n\t\t<div class=\"elementor-element elementor-element-56f1dde3 e-con-full e-flex e-con e-child\" data-id=\"56f1dde3\" data-element_type=\"container\" data-e-type=\"container\" data-settings=\"{&quot;position&quot;:&quot;absolute&quot;,&quot;jet_parallax_layout_list&quot;:[]}\">\n\t\t\t\t<div class=\"elementor-element elementor-element-59437678 animated-fast elementor-invisible elementor-widget elementor-widget-heading\" data-id=\"59437678\" data-element_type=\"widget\" data-e-type=\"widget\" data-settings=\"{&quot;_animation&quot;:&quot;slideInUp&quot;}\" data-widget_type=\"heading.default\">\n\t\t\t\t<div class=\"elementor-widget-container\">\n\t\t\t\t\t<h2 class=\"elementor-heading-title elementor-size-default\">Alimentation et boissons<\/h2>\t\t\t\t<\/div>\n\t\t\t\t<\/div>\n\t\t\t\t<div class=\"elementor-element elementor-element-7347761 elementor-widget elementor-widget-text-editor\" data-id=\"7347761\" data-element_type=\"widget\" data-e-type=\"widget\" data-widget_type=\"text-editor.default\">\n\t\t\t\t<div class=\"elementor-widget-container\">\n\t\t\t\t\t\t\t\t\t<p><br>Pour un snack ou un ap\u00e9ritif, vous pouvez profiter du <strong>service de bar<\/strong>, disponible du matin au soir, avec une s\u00e9lection de boissons et des propositions adapt\u00e9es \u00e0 chaque moment de la journ\u00e9e. Et si vous souhaitez <strong>d\u00e9jeuner<\/strong> ou <strong>d\u00eener<\/strong>, vous pouvez vous laisser s\u00e9duire par les saveurs de la cuisine ligure, directement au bord de la mer. <br>Le <strong>restaurant Mapi<\/strong> propose des plats qui allient tradition, cr\u00e9ativit\u00e9 et ingr\u00e9dients frais et soigneusement s\u00e9lectionn\u00e9s pour vous faire vivre une exp\u00e9rience qui raconte l&rsquo;histoire de la Ligurie.<\/p>\t\t\t\t\t\t\t\t<\/div>\n\t\t\t\t<\/div>\n\t\t\t\t<div class=\"elementor-element elementor-element-b014a68 elementor-widget elementor-widget-button\" data-id=\"b014a68\" data-element_type=\"widget\" data-e-type=\"widget\" data-widget_type=\"button.default\">\n\t\t\t\t<div class=\"elementor-widget-container\">\n\t\t\t\t\t\t\t\t\t<div class=\"elementor-button-wrapper\">\n\t\t\t\t\t<a class=\"elementor-button elementor-button-link elementor-size-sm\" href=\"https:\/\/www.hotelceleste.com\/fr\/restaurant-a-la-carte-mapi\/\">\n\t\t\t\t\t\t<span class=\"elementor-button-content-wrapper\">\n\t\t\t\t\t\t\t\t\t<span class=\"elementor-button-text\">En savoir plus<\/span>\n\t\t\t\t\t<\/span>\n\t\t\t\t\t<\/a>\n\t\t\t\t<\/div>\n\t\t\t\t\t\t\t\t<\/div>\n\t\t\t\t<\/div>\n\t\t\t\t<\/div>\n\t\t<div class=\"elementor-element elementor-element-66ee35d3 e-con-full e-flex e-con e-child\" data-id=\"66ee35d3\" data-element_type=\"container\" data-e-type=\"container\" data-settings=\"{&quot;background_background&quot;:&quot;gradient&quot;,&quot;position&quot;:&quot;absolute&quot;,&quot;jet_parallax_layout_list&quot;:[]}\">\n\t\t\t\t<\/div>\n\t\t\t\t<\/div>\n\t\t<div class=\"elementor-element elementor-element-9b1baca e-grid e-con-full e-con e-parent\" data-id=\"9b1baca\" data-element_type=\"container\" data-e-type=\"container\" data-settings=\"{&quot;jet_parallax_layout_list&quot;:[]}\">\n\t\t<a class=\"elementor-element elementor-element-a8dde36 e-con-full e-flex e-con e-child\" data-id=\"a8dde36\" data-element_type=\"container\" data-e-type=\"container\" data-settings=\"{&quot;background_background&quot;:&quot;classic&quot;,&quot;jet_parallax_layout_list&quot;:[]}\" href=\"https:\/\/www.hotelceleste.com\/colazione-mezza-pensione-pensione-completa\/\">\n\t\t\t\t<div class=\"elementor-element elementor-element-6b36cd3e animated-fast elementor-invisible elementor-widget elementor-widget-heading\" data-id=\"6b36cd3e\" data-element_type=\"widget\" data-e-type=\"widget\" data-settings=\"{&quot;_animation&quot;:&quot;slideInDown&quot;}\" data-widget_type=\"heading.default\">\n\t\t\t\t<div class=\"elementor-widget-container\">\n\t\t\t\t\t<h2 class=\"elementor-heading-title elementor-size-default\">Cocktails et mixologie<\/h2>\t\t\t\t<\/div>\n\t\t\t\t<\/div>\n\t\t\t\t<div class=\"elementor-element elementor-element-4eb62024 animated-fast elementor-invisible elementor-widget elementor-widget-text-editor\" data-id=\"4eb62024\" data-element_type=\"widget\" data-e-type=\"widget\" data-settings=\"{&quot;_animation&quot;:&quot;slideInUp&quot;}\" data-widget_type=\"text-editor.default\">\n\t\t\t\t<div class=\"elementor-widget-container\">\n\t\t\t\t\t\t\t\t\t<p>Ap\u00e9ritifs et boissons au bar am\u00e9ricain.<\/p>\t\t\t\t\t\t\t\t<\/div>\n\t\t\t\t<\/div>\n\t\t\t\t<\/a>\n\t\t<a class=\"elementor-element elementor-element-adb1aac e-con-full e-flex e-con e-child\" data-id=\"adb1aac\" data-element_type=\"container\" data-e-type=\"container\" data-settings=\"{&quot;background_background&quot;:&quot;classic&quot;,&quot;jet_parallax_layout_list&quot;:[]}\" href=\"https:\/\/www.hotelceleste.com\/ristorante-mapi-a-la-carte\/\">\n\t\t\t\t<div class=\"elementor-element elementor-element-728d3f6 animated-fast elementor-invisible elementor-widget elementor-widget-heading\" data-id=\"728d3f6\" data-element_type=\"widget\" data-e-type=\"widget\" data-settings=\"{&quot;_animation&quot;:&quot;slideInDown&quot;}\" data-widget_type=\"heading.default\">\n\t\t\t\t<div class=\"elementor-widget-container\">\n\t\t\t\t\t<h2 class=\"elementor-heading-title elementor-size-default\">Cuisine typique et contemporaine<\/h2>\t\t\t\t<\/div>\n\t\t\t\t<\/div>\n\t\t\t\t<div class=\"elementor-element elementor-element-1346dfd animated-fast elementor-invisible elementor-widget elementor-widget-text-editor\" data-id=\"1346dfd\" data-element_type=\"widget\" data-e-type=\"widget\" data-settings=\"{&quot;_animation&quot;:&quot;slideInUp&quot;}\" data-widget_type=\"text-editor.default\">\n\t\t\t\t<div class=\"elementor-widget-container\">\n\t\t\t\t\t\t\t\t\t<p>des saveurs uniques et la beaut\u00e9 du front de mer.<\/p>\t\t\t\t\t\t\t\t<\/div>\n\t\t\t\t<\/div>\n\t\t\t\t<\/a>\n\t\t\t\t<\/div>\n\t\t\t\t<\/div>\n\t\t","protected":false},"excerpt":{"rendered":"<p>H\u00f4tel Sestri Levante avec plage priv\u00e9e. Notre plage est situ\u00e9e en face de l&rsquo;h\u00f4tel, au centre de la Baia delle Favole.<\/p>\n","protected":false},"author":1,"featured_media":2025,"parent":0,"menu_order":0,"comment_status":"closed","ping_status":"closed","template":"","meta":{"footnotes":""},"class_list":["post-2344","page","type-page","status-publish","has-post-thumbnail","hentry"],"_links":{"self":[{"href":"https:\/\/www.hotelceleste.com\/fr\/wp-json\/wp\/v2\/pages\/2344","targetHints":{"allow":["GET"]}}],"collection":[{"href":"https:\/\/www.hotelceleste.com\/fr\/wp-json\/wp\/v2\/pages"}],"about":[{"href":"https:\/\/www.hotelceleste.com\/fr\/wp-json\/wp\/v2\/types\/page"}],"author":[{"embeddable":true,"href":"https:\/\/www.hotelceleste.com\/fr\/wp-json\/wp\/v2\/users\/1"}],"replies":[{"embeddable":true,"href":"https:\/\/www.hotelceleste.com\/fr\/wp-json\/wp\/v2\/comments?post=2344"}],"version-history":[{"count":6,"href":"https:\/\/www.hotelceleste.com\/fr\/wp-json\/wp\/v2\/pages\/2344\/revisions"}],"predecessor-version":[{"id":17854,"href":"https:\/\/www.hotelceleste.com\/fr\/wp-json\/wp\/v2\/pages\/2344\/revisions\/17854"}],"wp:featuredmedia":[{"embeddable":true,"href":"https:\/\/www.hotelceleste.com\/fr\/wp-json\/wp\/v2\/media\/2025"}],"wp:attachment":[{"href":"https:\/\/www.hotelceleste.com\/fr\/wp-json\/wp\/v2\/media?parent=2344"}],"curies":[{"name":"wp","href":"https:\/\/api.w.org\/{rel}","templated":true}]}}